{"id":541,"date":"2025-08-04T10:18:08","date_gmt":"2025-08-04T10:18:08","guid":{"rendered":"https:\/\/centreiogaelportal.com\/?page_id=541"},"modified":"2025-08-20T08:38:25","modified_gmt":"2025-08-20T08:38:25","slug":"declaracion-de-accesibilidad","status":"publish","type":"page","link":"https:\/\/centreiogaelportal.com\/es\/declaracion-de-accesibilidad\/","title":{"rendered":"Declaraci\u00f3n de accesibilidad"},"content":{"rendered":"<div data-elementor-type=\"wp-page\" data-elementor-id=\"541\" class=\"elementor elementor-541\" data-elementor-post-type=\"page\">\n\t\t\t\t<div class=\"elementor-element elementor-element-1aaa0142 e-flex e-con-boxed e-con e-parent\" data-id=\"1aaa0142\" data-element_type=\"container\" data-e-type=\"container\">\n\t\t\t\t\t<div class=\"e-con-inner\">\n\t\t\t\t<div class=\"elementor-element elementor-element-f7b432c elementor-widget elementor-widget-heading\" data-id=\"f7b432c\" data-element_type=\"widget\" data-e-type=\"widget\" data-widget_type=\"heading.default\">\n\t\t\t\t\t<h1 class=\"elementor-heading-title elementor-size-default\">Declaraci\u00f3n de accesibilidad<\/h1>\t\t\t\t<\/div>\n\t\t\t\t<div class=\"elementor-element elementor-element-3600cb97 elementor-widget elementor-widget-text-editor\" data-id=\"3600cb97\" data-element_type=\"widget\" data-e-type=\"widget\" data-widget_type=\"text-editor.default\">\n\t\t\t\t\t\t\t\t\t<p>Estamos comprometidos a hacer accesible nuestro sitio web de conformidad con el Real decreto 1112\/2018, de 7 de septiembre, sobre la accesibilidad de los sitios web y aplicaciones para dispositivos m\u00f3viles del sector p\u00fablico (en adelante, Real decreto 1112\/2018, de 7 de septiembre).<\/p>\n<p><b>Situaci\u00f3n de cumplimiento<\/b><\/p>\n<p>Este sitio web es parcialmente conforme al Real decreto 1112\/2018, de 7 de septiembre, debido a la falta de conformidad de los aspectos que se indican a continuaci\u00f3n.<\/p>\n<p><b>Contenido no accesible<\/b><\/p>\n<p>El contenido que se recoge a continuaci\u00f3n no es accesible por las siguientes razones:<\/p>\n<ul>\n<li aria-level=\"1\">Carga desproporcionada: no se aplica.<\/li>\n<\/ul>\n<p><b>Preparaci\u00f3n de la presente declaraci\u00f3n de accesibilidad<\/b><\/p>\n<p>La presente declaraci\u00f3n fue preparada el\u00a0<b>31 de julio del 2024<\/b>. El m\u00e9todo empleado para preparar la declaraci\u00f3n ha sido una autoevaluaci\u00f3n realizada por el propio organismo.<\/p>\n<p><b>Observaciones y datos de contacto<\/b><\/p>\n<p>Puede realizar comunicaciones sobre los requisitos de accesibilidad (art\u00edculo 10.2.a) del Real Decreto 1112\/2018, de 7 de septiembre), tales como:<\/p>\n<ul>\n<li aria-level=\"1\">Informar sobre cualquier posible incumplimiento por parte de este sitio web.<\/li>\n<li aria-level=\"1\">Transmitir otras dificultades de acceso al contenido.<\/li>\n<li aria-level=\"1\">Formular cualquier otra consulta o sugerencia de mejora relativa a la accesibilidad del sitio web.<\/li>\n<\/ul>\n<p>A trav\u00e9s de las siguientes v\u00edas:<\/p>\n<ul>\n<li aria-level=\"1\"><b>Correo electr\u00f3nico:<\/b><b>\u00a0<\/b>iogaelportal@gmail.com<\/li>\n<li aria-level=\"1\"><b>Tel\u00e9fono:<\/b><b>\u00a0<\/b>+34\u00a0679227331<\/li>\n<\/ul>\n<p>Las comunicaciones ser\u00e1n recibidas y tratadas por la direcci\u00f3n de la empresa, como unidad responsable de los contenidos de este sitio web.<\/p>\n<p><b>Contenido opcional<\/b><\/p>\n<p>La versi\u00f3n actualmente visible de este sitio web es\u00a0<b>de<\/b>joliu\u00a0<b>de 2025<\/b>\u00a0y en esa fecha se hizo la revisi\u00f3n del nivel de accesibilidad vigente en ese momento. A partir de esa fecha, se llevan a cabo revisiones parciales diarias del contenido web nuevo o modificado, tanto de las plantillas como de las p\u00e1ginas y documentos finales publicados, a fin de asegurar el cumplimiento de los requisitos de accesibilidad de la Norma UNE-EN 301549:2019, considerando las excepciones del Real Decreto 1112\/70.<\/p>\n<p>Entre otras, se adoptan las siguientes medidas para facilitar la accesibilidad:<\/p>\n<ul>\n<li aria-level=\"1\">Utilizaci\u00f3n de texto alternativo en las im\u00e1genes.<\/li>\n<li aria-level=\"1\">Los enlaces ofrecen detalles de la funci\u00f3n o destino del hiperv\u00ednculo.<\/li>\n<li aria-level=\"1\">Uso de los est\u00e1ndares de W3C: XHTML 1.0, CSS 3.0, WAI AA.<\/li>\n<\/ul>\n<p><!-- \/wp:paragraph --><\/p>\t\t\t\t\t\t\t\t<\/div>\n\t\t\t\t\t<\/div>\n\t\t\t\t<\/div>\n\t\t\t\t<\/div>","protected":false},"excerpt":{"rendered":"<p>Estem compromesos a fer accessible el nostre lloc web de conformitat amb el Reial decret 1112\/2018, de 7 de setembre, sobre l\u2019accessibilitat dels llocs web i aplicacions per a dispositius m\u00f2bils del sector p\u00fablic (en endavant, Reial decret 1112\/2018, de 7 de setembre). Situaci\u00f3 de compliment Aquest lloc web \u00e9s parcialment conforme amb el Reial [&hellip;]<\/p>\n","protected":false},"author":1,"featured_media":0,"parent":0,"menu_order":0,"comment_status":"closed","ping_status":"closed","template":"","meta":{"footnotes":""},"class_list":["post-541","page","type-page","status-publish","hentry"],"_links":{"self":[{"href":"https:\/\/centreiogaelportal.com\/es\/wp-json\/wp\/v2\/pages\/541","targetHints":{"allow":["GET"]}}],"collection":[{"href":"https:\/\/centreiogaelportal.com\/es\/wp-json\/wp\/v2\/pages"}],"about":[{"href":"https:\/\/centreiogaelportal.com\/es\/wp-json\/wp\/v2\/types\/page"}],"author":[{"embeddable":true,"href":"https:\/\/centreiogaelportal.com\/es\/wp-json\/wp\/v2\/users\/1"}],"replies":[{"embeddable":true,"href":"https:\/\/centreiogaelportal.com\/es\/wp-json\/wp\/v2\/comments?post=541"}],"version-history":[{"count":4,"href":"https:\/\/centreiogaelportal.com\/es\/wp-json\/wp\/v2\/pages\/541\/revisions"}],"predecessor-version":[{"id":545,"href":"https:\/\/centreiogaelportal.com\/es\/wp-json\/wp\/v2\/pages\/541\/revisions\/545"}],"wp:attachment":[{"href":"https:\/\/centreiogaelportal.com\/es\/wp-json\/wp\/v2\/media?parent=541"}],"curies":[{"name":"wp","href":"https:\/\/api.w.org\/{rel}","templated":true}]}}